{"id":7543,"date":"2021-11-02T12:31:15","date_gmt":"2021-11-02T11:31:15","guid":{"rendered":"https:\/\/rennerlabel.agentur360-preview.de\/protection-des-donnees\/"},"modified":"2022-09-09T11:50:42","modified_gmt":"2022-09-09T09:50:42","slug":"protection-des-donnees","status":"publish","type":"page","link":"https:\/\/www.renner-label.de\/fr\/protection-des-donnees\/","title":{"rendered":"Protection des donn\u00e9es"},"content":{"rendered":"\t\t<div data-elementor-type=\"wp-page\" data-elementor-id=\"7543\" class=\"elementor elementor-7543\" data-elementor-post-type=\"page\">\n\t\t\t\t\t\t<section class=\"elementor-section elementor-top-section elementor-element elementor-element-0f235ea elementor-section-content-middle elementor-section-boxed elementor-section-height-default elementor-section-height-default\" data-id=\"0f235ea\" data-element_type=\"section\">\n\t\t\t\t\t\t<div class=\"elementor-container elementor-column-gap-no\">\n\t\t\t\t\t<div class=\"elementor-column elementor-col-100 elementor-top-column elementor-element elementor-element-7bf3e6d\" data-id=\"7bf3e6d\" data-element_type=\"column\">\n\t\t\t<div class=\"elementor-widget-wrap elementor-element-populated\">\n\t\t\t\t\t\t<div class=\"elementor-element elementor-element-21f856a elementor-widget elementor-widget-heading\" data-id=\"21f856a\" data-element_type=\"widget\" data-widget_type=\"heading.default\">\n\t\t\t\t<div class=\"elementor-widget-container\">\n\t\t\t<h1 class=\"elementor-heading-title elementor-size-default\">Protection des donn\u00e9es<\/h1>\t\t<\/div>\n\t\t\t\t<\/div>\n\t\t\t\t<div class=\"elementor-element elementor-element-146cf47 datenschutz-text-wrapper elementor-widget elementor-widget-text-editor\" data-id=\"146cf47\" data-element_type=\"widget\" data-widget_type=\"text-editor.default\">\n\t\t\t\t<div class=\"elementor-widget-container\">\n\t\t\t\t\t\t\t<p class=\"p1\"><b>1. Informations sur la protection des donn\u00e9es<\/b><\/p>\n<p class=\"p1\">La soci\u00e9t\u00e9 Renner Etikettiertechnik GmbH (ci-apr\u00e8s \u00ab\u00a0Renner Etikettiertechnik\u00a0\u00bb ou \u00ab\u00a0Nous\u00a0\u00bb) se r\u00e9jouit de votre visite sur son site Internet et sur ses applications mobiles (ci-apr\u00e8s \u00ab\u00a0offre en ligne\u00a0\u00bb) et de l&rsquo;int\u00e9r\u00eat que vous portez \u00e0 son entreprise et \u00e0 ses produits.<\/p>\n<p class=\"p1\">La protection de votre vie priv\u00e9e lors du traitement des donn\u00e9es personnelles ainsi que la s\u00e9curit\u00e9 de toutes les donn\u00e9es commerciales sont pour nous une pr\u00e9occupation importante que nous prenons en compte dans nos processus commerciaux. Nous traitons les donn\u00e9es personnelles qui sont collect\u00e9es lors de votre visite de nos offres en ligne de mani\u00e8re confidentielle et uniquement conform\u00e9ment aux dispositions l\u00e9gales.<\/p>\n<p class=\"p1\">La protection des donn\u00e9es et la s\u00e9curit\u00e9 de l&rsquo;information font partie int\u00e9grante de notre politique d&rsquo;entreprise.<\/p>\n<p class=\"p1\"><b>2. Responsable<\/b><\/p>\n<p class=\"p1\">Le responsable du traitement de vos donn\u00e9es est Renner Etikettiertechnik GmbH.<\/p>\n<p class=\"p1\">Nos coordonn\u00e9es sont les suivantes:<\/p>\n<p class=\"p2\">Renner Etikettiertechnik GmbH<\/p>\n<p>Hendrik-Lorentz-Str.: 1-5<\/p>\n<p class=\"p2\">D-89312 G\u00fcnzburg<\/p>\n<p>Tel.: +49 8221 3626-0<\/p>\n<p>Fax: +49 8221 3626-50<\/p>\n<p>info@renner-label.de<\/p>\n<a href=\"http:\/\/www.renner-label.de\"><span class=\"s1\">www.renner-label.de<\/span><\/a><\/p>\n<p class=\"p1\"><b>Associ\u00e9 g\u00e9rant<\/b>:\nSteffen Renner<\/p>\n<p class=\"p1\">Vous pouvez contacter notre responsable de la protection des donn\u00e9es aux coordonn\u00e9es suivantes:<\/p>\n<p class=\"p1\">Iris Lehmann<\/p>\n<p class=\"p1\">Ingenieurs-Dienstleistungen Thomas G\u00fcntner<\/p>\n<p class=\"p1\">Ulmer Str. 27<\/p>\n<p class=\"p1\">89312 G\u00fcnzburg<\/p>\n<p class=\"p1\">Handy 0173 5420134<\/p>\n<p class=\"p5\"><span class=\"s2\"><a href=\"mailto:datenschutz@renner-label.de\">datenschutz@renner-label.de<\/a><\/span><\/p>\n<p class=\"p1\"><b>3. Traitement des donn\u00e9es \u00e0 caract\u00e8re personnel<\/b><\/p>\n<p class=\"p1\"><b>3.1. Principes<\/b><\/p>\n<p class=\"p1\">Les donn\u00e9es \u00e0 caract\u00e8re personnel sont toutes les informations se rapportant \u00e0 une personne physique identifi\u00e9e ou identifiable, c&rsquo;est-\u00e0-dire, par exemple, les noms, adresses, num\u00e9ros de t\u00e9l\u00e9phone, adresses \u00e9lectroniques, donn\u00e9es contractuelles, donn\u00e9es de r\u00e9servation et donn\u00e9es de facturation, qui sont l&rsquo;expression de l&rsquo;identit\u00e9 d&rsquo;une personne.<\/p>\n<p class=\"p1\">Nous ne traitons les donn\u00e9es \u00e0 caract\u00e8re personnel (y compris les adresses IP) que s&rsquo;il existe une base l\u00e9gale \u00e0 cet effet ou si vous nous avez donn\u00e9 votre accord \u00e0 ce sujet, par exemple dans le cadre d&rsquo;un enregistrement.<\/p>\n<p class=\"p1\"><b>3.2. Cat\u00e9gories de donn\u00e9es trait\u00e9es<\/b><\/p>\n<p class=\"p1\">Les cat\u00e9gories de donn\u00e9es suivantes sont trait\u00e9es:<\/p>\n\n<ul class=\"ul1\">\n \t<li class=\"li1\">donn\u00e9es de communication (par ex. nom, t\u00e9l\u00e9phone, e-mail, adresse, adresse IP)<\/li>\n \t<li class=\"li1\">Donn\u00e9es de base du contrat (relation contractuelle, int\u00e9r\u00eat du produit ou du contrat)<\/li>\n \t<li class=\"li1\">Historique des clients<\/li>\n \t<li class=\"li1\">Facturation du contrat &#8211; et donn\u00e9es de paiement<\/li>\n \t<li class=\"li1\">Donn\u00e9es de planification et de contr\u00f4le<\/li>\n \t<li class=\"li1\">le cas \u00e9ch\u00e9ant, des donn\u00e9es image et audio<\/li>\n<\/ul>\n<p class=\"p1\"><b>3.3. Finalit\u00e9s du traitement et bases juridiques<\/b><\/p>\n<p class=\"p1\">Nous et les prestataires de services que nous avons mandat\u00e9s traitons vos donn\u00e9es personnelles aux fins de traitement suivantes et sur les bases juridiques suivantes:<\/p>\n<p class=\"p1\"><b>3.3.1. Base contractuelle (pr\u00e9paration, ex\u00e9cution, fin):<\/b><\/p>\n\n<ul class=\"ul1\">\n \t<li class=\"li1\">R\u00e9ponse aux demandes<\/li>\n \t<li class=\"li1\">Traitement de vos commandes<\/li>\n \t<li class=\"li1\">Pr\u00e9paration, n\u00e9gociation et ex\u00e9cution d&rsquo;un contrat avec vous<\/li>\n \t<li class=\"li1\">l&rsquo;octroi d&rsquo;un acc\u00e8s \u00e0 certaines informations et offres.<\/li>\n \t<li class=\"li1\">Pr\u00e9paration et r\u00e9alisation d&rsquo;\u00e9v\u00e9nements pr\u00e9sentiels et virtuels<\/li>\n<\/ul>\n<p class=\"p6\">La base juridique du traitement est l&rsquo;article 6, paragraphe 1, point b) du RGPD.<\/p>\n<p class=\"p1\"><b>3.3.2. Obligation l\u00e9gale<\/b><\/p>\n\n<ul class=\"ul1\">\n \t<li class=\"li1\">Ordonnance administrative ou judiciaire<\/li>\n \t<li class=\"li1\">L\u00e9gislation fiscale et commerciale<\/li>\n<\/ul>\n<p class=\"p6\">La base juridique du traitement est l&rsquo;article 6, paragraphe 1, point c) du RGPD.<\/p>\n<p class=\"p1\"><b>3.3.3. Int\u00e9r\u00eat l\u00e9gitime de Renner Etikettiertechnik<span class=\"Apple-converted-space\"> <\/span><\/b><\/p>\n\n<ul class=\"ul1\">\n \t<li class=\"li1\">Marketing direct<\/li>\n \t<li class=\"li1\">Am\u00e9lioration des produits et des services<\/li>\n \t<li class=\"li1\">enqu\u00eates en ligne r\u00e9alis\u00e9es par nos collaborateurs ou par des instituts d&rsquo;\u00e9tudes de march\u00e9 mandat\u00e9s \u00e0 cet effet<span class=\"Apple-converted-space\"> <\/span><\/li>\n \t<li class=\"li1\">la cr\u00e9ation ou la protection de droits juridiques ou la d\u00e9fense contre des actions en justice<\/li>\n \t<li class=\"li1\">Enregistrements visuels et sonores des manifestations que nous organisons \u00e0 des fins de presse et de relations publiques<\/li>\n \t<li class=\"li1\">Pr\u00e9vention des abus ou d&rsquo;autres activit\u00e9s ill\u00e9gales<\/li>\n \t<li class=\"li1\">Garantie de la s\u00e9curit\u00e9 des donn\u00e9es<\/li>\n \t<li class=\"li1\">Enqu\u00eates sur les produits ou les clients par e-mail et\/ou par t\u00e9l\u00e9phone<\/li>\n \t<li class=\"li1\">La base juridique du traitement est l&rsquo;article 6, paragraphe 1, point f) du RGPD.<\/li>\n<\/ul>\n<p class=\"p1\"><b>3.3.4. Consentement<\/b><\/p>\n\n<ul class=\"ul1\">\n \t<li class=\"li1\">Envoi de la newsletter<\/li>\n \t<li class=\"li1\">Suivi web pseudonymis\u00e9<\/li>\n \t<li class=\"li1\">Int\u00e9gration de services de cartographie<\/li>\n \t<li class=\"li1\">int\u00e9gration d&rsquo;outils de traduction<\/li>\n \t<li class=\"li1\">Liens vers les plateformes de m\u00e9dias sociaux<\/li>\n \t<li class=\"li1\">La base juridique du traitement est l&rsquo;article 6, paragraphe 1, point a) du RGPD.<\/li>\n<\/ul>\n<p class=\"p1\"><b>3.4. Fichiers journaux<\/b><\/p>\n<p class=\"p1\">Lors de chaque utilisation de notre site web, certaines informations sont automatiquement transmises par votre navigateur Internet et enregistr\u00e9es par nos soins dans ce que l&rsquo;on appelle des fichiers journaux (par ex. le navigateur Internet et le syst\u00e8me d&rsquo;exploitation utilis\u00e9s ; le nom de domaine du site web d&rsquo;o\u00f9 vous venez ; le nombre de visites ; le temps moyen pass\u00e9 sur le site ; les pages consult\u00e9es). Ces informations ne sont pas attribu\u00e9es \u00e0 une personne en particulier<\/p>\n<p class=\"p1\">Les fichiers journaux sont stock\u00e9s par nous et nos filiales pour une courte p\u00e9riode afin d&rsquo;identifier les dysfonctionnements et pour des raisons de s\u00e9curit\u00e9 (par exemple pour \u00e9lucider les tentatives d&rsquo;attaque), puis supprim\u00e9s (base juridique : article 6, paragraphe 1, point f) du RGPD). Les fichiers journaux dont la conservation ult\u00e9rieure est n\u00e9cessaire \u00e0 des fins de preuve sont exclus de la suppression jusqu&rsquo;\u00e0 la r\u00e9solution d\u00e9finitive de l&rsquo;incident en question et peuvent, au cas par cas, \u00eatre transmis aux autorit\u00e9s charg\u00e9es de l&rsquo;enqu\u00eate.<\/p>\n<p class=\"p1\">Les fichiers journaux sont \u00e9galement utilis\u00e9s (sans ou avec l&rsquo;adresse IP compl\u00e8te) \u00e0 des fins d&rsquo;analyse ; voir \u00e0 ce sujet la section Analyse Web.<\/p>\n<p class=\"p1\"><b>3.5 H\u00e9bergement externe<\/b><\/p>\n<p class=\"p7\">Nous h\u00e9bergeons notre site web chez IONOS SE. Le fournisseur est IONOS SE, Elgendorfer Str. 57, 56410 Montabaur (ci-apr\u00e8s IONOS). Lorsque vous visitez notre site web, IONOS collecte diff\u00e9rents fichiers journaux, y compris vos adresses IP. Pour plus de d\u00e9tails, veuillez consulter la d\u00e9claration de protection des donn\u00e9es de IONOS:<\/p>\n<p class=\"p8\">https:\/\/www.ionos.de\/terms-gtc\/terms-privacy<span class=\"s4\">.<\/span><\/p>\n<p class=\"p7\">L&rsquo;utilisation de IONOS est bas\u00e9e sur l&rsquo;article 6, paragraphe 1, point f) du RGPD. Nous avons un int\u00e9r\u00eat l\u00e9gitime \u00e0 ce que notre site web soit pr\u00e9sent\u00e9 de la mani\u00e8re la plus fiable possible. Dans la mesure o\u00f9 un consentement correspondant a \u00e9t\u00e9 demand\u00e9, le traitement s&rsquo;effectue exclusivement sur la base de l&rsquo;article 6, paragraphe 1, point a) du RGPD et de l&rsquo;article 25, 1 du TTDSG, dans la mesure o\u00f9 le consentement inclut le stockage de cookies ou l&rsquo;acc\u00e8s \u00e0 des informations dans le terminal de l&rsquo;utilisateur (par ex. Device-Fingerprinting) au sens de la loi TTDSG. Ce consentement peut \u00eatre r\u00e9voqu\u00e9 \u00e0 tout moment.<\/p>\n<p class=\"p7\"><span class=\"s2\">Traitement des commandes<\/span><\/p>\n<p class=\"p7\">Nous avons conclu un contrat de traitement des commandes (CTP) avec le fournisseur susmentionn\u00e9. Il s&rsquo;agit d&rsquo;un contrat prescrit par la l\u00e9gislation sur la protection des donn\u00e9es, qui garantit que celui-ci ne traite les donn\u00e9es personnelles des visiteurs de notre site web que selon nos instructions et dans le respect du RGPD.<\/p>\n<p class=\"p7\"><b>3.6 Formulaire de contact<\/b><\/p>\n<p class=\"p7\">Si vous nous faites parvenir des demandes par le biais du formulaire de contact, les informations que vous avez fournies dans le formulaire de demande, y compris les donn\u00e9es de contact que vous y avez indiqu\u00e9es, sont enregistr\u00e9es chez nous \u00e0 des fins de traitement de la demande et en cas de questions de suivi. Nous ne transmettons pas ces donn\u00e9es sans votre consentement.<\/p>\n<p class=\"p7\">Le traitement de ces donn\u00e9es s&rsquo;effectue sur la base de l&rsquo;article 6, paragraphe 1, point b) du RGPD, dans la mesure o\u00f9 votre demande est li\u00e9e \u00e0 l&rsquo;ex\u00e9cution d&rsquo;un contrat ou est n\u00e9cessaire \u00e0 l&rsquo;ex\u00e9cution de mesures pr\u00e9contractuelles. Dans tous les autres cas, le traitement se fonde sur notre int\u00e9r\u00eat l\u00e9gitime \u00e0 traiter efficacement les demandes qui nous sont adress\u00e9es (art. 6, al. 1, let. f) du RGPD) ou sur votre consentement (art. 6, al. 1, let. a) du RGPD), dans la mesure o\u00f9 celui-ci a \u00e9t\u00e9 demand\u00e9 ; le consentement peut \u00eatre r\u00e9voqu\u00e9 \u00e0 tout moment.<\/p>\n<p class=\"p1\">Les donn\u00e9es que vous avez saisies dans le formulaire de contact restent chez nous jusqu&rsquo;\u00e0 ce que vous nous demandiez de les supprimer, que vous r\u00e9voquiez votre autorisation de les enregistrer ou que le but de l&rsquo;enregistrement des donn\u00e9es devienne caduc (par ex. apr\u00e8s le traitement de votre demande). Les dispositions l\u00e9gales contraignantes &#8211; en particulier les d\u00e9lais de conservation &#8211; ne sont pas affect\u00e9es.<\/p>\n<p class=\"p1\"><b>3.7 Demande par e-mail, t\u00e9l\u00e9phone ou fax<\/b><\/p>\n<p class=\"p7\">Si vous nous contactez par e-mail, t\u00e9l\u00e9phone ou fax, votre demande, y compris toutes les donn\u00e9es personnelles qui en d\u00e9coulent (nom, demande), sera enregistr\u00e9e et trait\u00e9e par nos soins dans le but de traiter votre demande. Nous ne transmettons pas ces donn\u00e9es sans votre consentement.<\/p>\n<p class=\"p1\">Le traitement de ces donn\u00e9es s&rsquo;effectue sur la base de l&rsquo;article 6, paragraphe 1, point b) du RGPD, dans la mesure o\u00f9 votre demande est li\u00e9e \u00e0 l&rsquo;ex\u00e9cution d&rsquo;un contrat ou est n\u00e9cessaire \u00e0 l&rsquo;ex\u00e9cution de mesures pr\u00e9contractuelles. Dans tous les autres cas, le traitement se fonde sur notre int\u00e9r\u00eat l\u00e9gitime \u00e0 traiter efficacement les demandes qui nous sont adress\u00e9es (art. 6, al. 1, let. f) du RGPD) ou sur votre consentement (art. 6, al. 1, let. a) du RGPD), dans la mesure o\u00f9 celui-ci a \u00e9t\u00e9 demand\u00e9 ; le consentement peut \u00eatre r\u00e9voqu\u00e9 \u00e0 tout moment.<\/p>\n<p class=\"p1\"><b>4. Obligation de fournir des donn\u00e9es \u00e0 caract\u00e8re personnel<\/b><\/p>\n<p class=\"p1\">Dans la mesure o\u00f9 il existe un contrat entre vous et nous, vous devez fournir les donn\u00e9es personnelles qui sont n\u00e9cessaires \u00e0 l&rsquo;\u00e9tablissement, \u00e0 l&rsquo;ex\u00e9cution et \u00e0 la fin de la relation contractuelle et \u00e0 l&rsquo;ex\u00e9cution des obligations contractuelles qui y sont li\u00e9es, ou que nous sommes l\u00e9galement tenus de collecter. ans la fourniture de ces donn\u00e9es, nous ne serons g\u00e9n\u00e9ralement pas en mesure de conclure un contrat avec vous, de l&rsquo;ex\u00e9cuter et d&rsquo;y mettre fin.<\/p>\n<p class=\"p1\">Dans la mesure o\u00f9 le traitement des donn\u00e9es dans le cadre de l&rsquo;utilisation de ce site web n&rsquo;est pas n\u00e9cessaire \u00e0 l&rsquo;\u00e9tablissement, \u00e0 l&rsquo;ex\u00e9cution et \u00e0 la fin d&rsquo;une relation contractuelle ou \u00e0 l&rsquo;ex\u00e9cution d&rsquo;obligations contractuelles et n&rsquo;est pas non plus prescrit par la loi, la mise \u00e0 disposition de vos donn\u00e9es est facultative Veuillez noter que certaines fonctionnalit\u00e9s du site web ou prestations de service ne peuvent pas \u00eatre utilis\u00e9es si les donn\u00e9es n\u00e9cessaires ne sont pas fournies.<\/p>\n<p class=\"p1\"><b>5. Enfants<\/b><\/p>\n<p class=\"p1\">Renner Etikettiertechnik ne traitera pas sciemment les donn\u00e9es personnelles d&rsquo;enfants sans indiquer express\u00e9ment que ces donn\u00e9es ne devraient \u00eatre transmises qu&rsquo;avec l&rsquo;accord des titulaires de l&rsquo;autorit\u00e9 parentale ou lorsque les dispositions l\u00e9gales applicables le pr\u00e9voient. Renner Etikettiertechnik n&rsquo;utilise ou ne transmet les donn\u00e9es personnelles des enfants que dans la mesure o\u00f9 cela est autoris\u00e9 par la loi, pour obtenir le consentement parental requis par la loi ou pour prot\u00e9ger les enfants.<\/p>\n<p class=\"p1\"><b>6. Transmission de donn\u00e9es<\/b><\/p>\n<p class=\"p1\"><b>6.1. Transmission de donn\u00e9es \u00e0 d&rsquo;autres responsables<\/b><\/p>\n<p class=\"p1\">Nous ne transmettons vos donn\u00e9es personnelles \u00e0 d&rsquo;autres responsables que si cela est n\u00e9cessaire \u00e0 l&rsquo;ex\u00e9cution du contrat, si nous ou le tiers avons un int\u00e9r\u00eat l\u00e9gitime \u00e0 la transmission ou si votre consentement a \u00e9t\u00e9 donn\u00e9. Les tiers peuvent \u00e9galement \u00eatre des filiales de Renner Etikettiertechnik. Si des donn\u00e9es sont transmises \u00e0 des tiers sur la base d&rsquo;un int\u00e9r\u00eat l\u00e9gitime, cela est expliqu\u00e9 dans les pr\u00e9sentes informations sur la protection des donn\u00e9es.<\/p>\n<p class=\"p1\">En outre, les donn\u00e9es peuvent \u00eatre transmises \u00e0 d&rsquo;autres responsables dans la mesure o\u00f9 nous y sommes contraints par des dispositions l\u00e9gales ou par une d\u00e9cision administrative ou judiciaire ex\u00e9cutoire<\/p>\n<p class=\"p1\"><b>6.2. Prestataire de services<\/b><\/p>\n<p class=\"p1\">Nous faisons appel \u00e0 des prestataires de services externes pour des t\u00e2ches telles que les services de vente et de marketing, la gestion des contrats, le traitement des paiements, la programmation, l&rsquo;h\u00e9bergement de donn\u00e9es et les services d&rsquo;assistance t\u00e9l\u00e9phonique, ainsi que l&rsquo;organisation d&rsquo;\u00e9v\u00e9nements virtuels. ous avons soigneusement s\u00e9lectionn\u00e9 ces prestataires de services et nous les surveillons r\u00e9guli\u00e8rement, notamment en ce qui concerne leur traitement soigneux et la s\u00e9curisation des donn\u00e9es qu&rsquo;ils enregistrent. Tous les prestataires de services sont tenus par nous \u00e0 la confidentialit\u00e9 et au respect des dispositions l\u00e9gales.<\/p>\n<p class=\"p1\"><b>6.3 Transfert \u00e0 des destinataires en dehors de l&rsquo;EEE<\/b><\/p>\n<p class=\"p1\">Nous pouvons \u00e9galement transmettre des donn\u00e9es \u00e0 caract\u00e8re personnel \u00e0 des destinataires situ\u00e9s en dehors de l&rsquo;EEE dans des pays dits tiers. Dans ce cas, nous nous assurons, avant le transfert, que le destinataire dispose d&rsquo;un niveau de protection des donn\u00e9es ad\u00e9quat (par ex. en raison d&rsquo;une d\u00e9cision d&rsquo;ad\u00e9quation de la Commission europ\u00e9enne pour le pays concern\u00e9 ou de l&rsquo;accord de clauses contractuelles types de l&rsquo;Union europ\u00e9enne avec le destinataire) ou si vous avez donn\u00e9 votre consentement \u00e0 la transmission.<\/p>\n<p class=\"p1\">Nous utilisons entre autres des outils d&rsquo;entreprises dont le si\u00e8ge se trouve aux \u00c9tats-Unis ou dans d&rsquo;autres pays tiers qui ne sont pas s\u00fbrs du point de vue de la protection des donn\u00e9es. Lorsque ces outils sont actifs, vos donn\u00e9es personnelles peuvent \u00eatre transf\u00e9r\u00e9es vers ces pays tiers et y \u00eatre trait\u00e9es. Nous attirons votre attention sur le fait qu&rsquo;aucun niveau de protection des donn\u00e9es comparable \u00e0 celui de l&rsquo;UE ne peut \u00eatre garanti dans ces pays. Par exemple, les entreprises am\u00e9ricaines sont tenues de le faire, de transmettre des donn\u00e9es \u00e0 caract\u00e8re personnel aux autorit\u00e9s de s\u00e9curit\u00e9 sans que vous puissiez, en tant que personne concern\u00e9e, intenter une action en justice. Il ne peut donc pas \u00eatre exclu que les autorit\u00e9s am\u00e9ricaines (par exemple les services secrets) traitent, \u00e9valuent et stockent durablement vos donn\u00e9es se trouvant sur des serveurs am\u00e9ricains \u00e0 des fins de surveillance. Nous n&rsquo;avons aucune influence sur ces activit\u00e9s de traitement.<\/p>\n<p class=\"p1\"><b>7. Dur\u00e9e du stockage ; d\u00e9lais de conservation<\/b><\/p>\n<p class=\"p1\">En principe, nous conservons vos donn\u00e9es aussi longtemps que cela est n\u00e9cessaire pour fournir notre offre en ligne et les services qui y sont li\u00e9s ou que nous avons un int\u00e9r\u00eat l\u00e9gitime \u00e0 continuer de les conserver (par exemple, nous pouvons encore avoir un int\u00e9r\u00eat l\u00e9gitime pour le marketing postal apr\u00e8s l&rsquo;ex\u00e9cution d&rsquo;un contrat). Dans tous les autres cas, nous supprimons vos donn\u00e9es \u00e0 caract\u00e8re personnel, \u00e0 l&rsquo;exception des donn\u00e9es que nous devons continuer \u00e0 stocker pour satisfaire \u00e0 des obligations l\u00e9gales (par ex. droit fiscal ou commercial).<\/p>\n<p class=\"p1\"><b>8. Utilisation des cookies<\/b><\/p>\n<p class=\"p1\">Notre site web utilise des cookies. Les cookies sont de petits fichiers texte qui sont enregistr\u00e9s sur votre ordinateur lorsque vous visitez notre site web. Nous utilisons des cookies notamment pour garantir l&rsquo;utilisation de notre offre en ligne, pour le marketing, pour l&rsquo;optimisation individuelle du site web ainsi que pour garantir la s\u00e9curit\u00e9 informatique.<\/p>\n<p class=\"p1\">Lors de la consultation de notre site web, nous affichons ce que l&rsquo;on appelle une \u00ab\u00a0banni\u00e8re de cookies\u00a0\u00bb, dans laquelle vous pouvez, en cliquant sur un bouton, donner votre consentement \u00e0 l&rsquo;utilisation de cookies sur ce site web et faire une s\u00e9lection individuelle des cookies utilis\u00e9s sur le site web. Votre choix sera \u00e9galement enregistr\u00e9 pour vos futures visites.<\/p>\n<p class=\"p1\">Si vous ne souhaitez plus que des cookies soient utilis\u00e9s ult\u00e9rieurement, vous avez la possibilit\u00e9 de modifier votre choix d&rsquo;utilisation des cookies. Pour ce faire, utilisez les liens int\u00e9gr\u00e9s des prestataires de services respectifs. Vous pouvez \u00e9galement adapter les param\u00e8tres de gestion des cookies dans votre navigateur Internet. Vous pouvez \u00e9galement adapter les param\u00e8tres de gestion des cookies dans votre navigateur Internet. Vous pouvez notamment demander la suppression des cookies d\u00e9j\u00e0 install\u00e9s ou emp\u00eacher l&rsquo;installation de cookies \u00e0 l&rsquo;avenir. Veuillez noter que les param\u00e8tres varient en fonction du navigateur utilis\u00e9.<\/p>\n<p class=\"p1\">Les cookies absolument n\u00e9cessaires \u00e0 l&rsquo;utilisation de notre offre en ligne ou \u00e0 la garantie de la s\u00e9curit\u00e9 informatique ne n\u00e9cessitent pas de consentement.<\/p>\n<p class=\"p1\">En fonction de leur fonction et de leur utilisation, l&rsquo;accord de l&rsquo;utilisateur est n\u00e9cessaire pour l&rsquo;utilisation de certains cookies. L&rsquo;installation de ces cookies et les activit\u00e9s de traitement correspondantes sont autoris\u00e9es par l&rsquo;article 6, paragraphe 1, point f) du RGPD.<\/p>\n<p class=\"p1\">Les cookies utilis\u00e9s \u00e0 d&rsquo;autres fins, comme l&rsquo;optimisation individuelle du site web, le marketing ou la r\u00e9alisation d&rsquo;\u00e9valuations statistiques de vos activit\u00e9s sur le site web, requi\u00e8rent en revanche votre consentement conform\u00e9ment \u00e0 l&rsquo;art. 7 du RGPD, que nous vous demandons dans le cadre de la banni\u00e8re des cookies.<\/p>\n<p class=\"p7\"><b>9. Consentement avec l&rsquo;outil Consent de Borlabs<\/b><\/p>\n<p class=\"p7\">Notre site Internet utilise la technologie Consent de Borlabs Cookie pour obtenir votre consentement \u00e0 l&rsquo;enregistrement de certains cookies dans votre navigateur ou \u00e0 l&rsquo;utilisation de certaines technologies et pour documenter ce consentement conform\u00e9ment \u00e0 la protection des donn\u00e9es. Le fournisseur de cette technologie est Borlabs GmbH, R\u00fcbenkamp 32, 22305 Hambourg (ci-apr\u00e8s Borlabs).<\/p>\n<p class=\"p7\">Lorsque vous acc\u00e9dez \u00e0 notre site web, un cookie Borlabs est stock\u00e9 dans votre navigateur, dans lequel les consentements que vous avez donn\u00e9s ou le retrait de ces consentements sont enregistr\u00e9s. Ces donn\u00e9es ne sont pas transmises au fournisseur du cookie Borlabs. es donn\u00e9es collect\u00e9es sont conserv\u00e9es jusqu&rsquo;\u00e0 ce que vous nous demandiez de les supprimer ou que vous supprimiez vous-m\u00eame le cookie Borlabs, ou encore jusqu&rsquo;\u00e0 ce que le but de la conservation des donn\u00e9es ne soit plus valable. Les d\u00e9lais de conservation l\u00e9gaux obligatoires ne sont pas affect\u00e9s. Vous trouverez des d\u00e9tails sur le traitement des donn\u00e9es du cookie Borlabs sous<\/p>\n<p class=\"p8\"><span class=\"s2\"><a href=\"https:\/\/de.borlabs.io\/kb\/welche-daten-speichert-borlabs-cookie\/\">https:\/\/de.borlabs.io\/kb\/welche-daten-speichert-borlabs-cookie\/<\/a><\/span><span class=\"s4\">.<\/span><\/p>\n<p class=\"p1\">L&rsquo;utilisation de la technologie Borlabs Cookie-Consent a lieu afin d&rsquo;obtenir les consentements prescrits par la loi pour l&rsquo;utilisation de cookies. La base juridique est l&rsquo;article 6, paragraphe 1, point c) du RGPD.<\/p>\n<p class=\"p1\"><b>10. Analyse du web<\/b><\/p>\n<p class=\"p7\">Ce site web utilise des fonctions du service d&rsquo;analyse web Google Analytics. Le fournisseur est Google Ireland Limited (\u00ab\u00a0Google\u00a0\u00bb), Gordon House, Barrow Street, Dublin 4, Irlande.<\/p>\n<p class=\"p7\">Google Analytics permet \u00e0 l&rsquo;exploitant du site web d&rsquo;analyser le comportement des visiteurs du site. Pour ce faire, l&rsquo;exploitant du site web re\u00e7oit diff\u00e9rentes donn\u00e9es d&rsquo;utilisation, telles que les pages consult\u00e9es, la dur\u00e9e de la visite, les syst\u00e8mes d&rsquo;exploitation utilis\u00e9s et l&rsquo;origine de l&rsquo;utilisateur. Ces donn\u00e9es sont regroup\u00e9es dans un User-ID et attribu\u00e9es au terminal respectif du visiteur du site web.<\/p>\n<p class=\"p7\">En outre, Google Analytics nous permet, entre autres, d&rsquo;enregistrer vos mouvements de souris et de d\u00e9filement ainsi que vos clics. En outre, Google Analytics utilise diff\u00e9rentes approches de mod\u00e9lisation pour compl\u00e9ter les ensembles de donn\u00e9es collect\u00e9s et utilise des technologies d&rsquo;apprentissage automatique pour l&rsquo;analyse des donn\u00e9es.<\/p>\n<p class=\"p7\">Google Analytics utilise des technologies qui permettent de reconna\u00eetre l&rsquo;utilisateur \u00e0 des fins d&rsquo;analyse du comportement de l&rsquo;utilisateur (par ex. cookies ou Device-Fingerprinting). Les informations collect\u00e9es par Google sur l&rsquo;utilisation de ce site web sont g\u00e9n\u00e9ralement transmises \u00e0 un serveur de Google aux \u00c9tats-Unis et y sont enregistr\u00e9es.<\/p>\n<p class=\"p7\">L&rsquo;utilisation de ce service est bas\u00e9e sur votre consentement conform\u00e9ment \u00e0 l&rsquo;article 6, paragraphe 1, point a) du RGPD et de l&rsquo;article 25, 1 de la loi TTDSG. Ce consentement peut \u00eatre r\u00e9voqu\u00e9 \u00e0 tout moment.<\/p>\n<p class=\"p7\">Le transfert de donn\u00e9es vers les \u00c9tats-Unis est bas\u00e9 sur les clauses contractuelles standard de la Commission europ\u00e9enne.<\/p>\n<p class=\"p7\">Vous trouverez des d\u00e9tails ici :<\/p>\n<p class=\"p8\">https:\/\/privacy.google.com\/businesses\/controllerterms\/mccs\/<span class=\"s4\">.<\/span><\/p>\n<p class=\"p7\"><span class=\"s2\">Plugin de navigateur<\/span><\/p>\n<p class=\"p7\">Vous pouvez emp\u00eacher la saisie et le traitement de vos donn\u00e9es par Google en t\u00e9l\u00e9chargeant et en installant le plug-in de navigateur disponible sous le lien suivant:<\/p>\n<p class=\"p8\">https:\/\/tools.google.com\/dlpage\/gaoptout?hl=de<span class=\"s4\">.<\/span><\/p>\n<p class=\"p7\">Vous trouverez plus d&rsquo;informations sur le traitement des donn\u00e9es des utilisateurs de Google Analytics dans la d\u00e9claration de confidentialit\u00e9 de Google:<\/p>\n<p class=\"p8\">https:\/\/support.google.com\/analytics\/answer\/6004245?hl=de<span class=\"s4\">.<\/span><\/p>\n<p class=\"p7\"><span class=\"s2\">Traitement des commandes<\/span><\/p>\n<p class=\"p1\">Nous avons conclu un contrat de traitement des commandes avec Google et appliquons int\u00e9gralement les directives strictes des autorit\u00e9s allemandes de protection des donn\u00e9es lors de l&rsquo;utilisation de Google Analytics.<\/p>\n<p class=\"p1\"><b>11. YouTube avec une protection des donn\u00e9es \u00e9tendue<\/b><\/p>\n<p class=\"p7\">Ce site web int\u00e8gre des vid\u00e9os de la plate-forme vid\u00e9o YouTube. &lsquo;exploitant de ces pages est Google Ireland Limited (\u00ab\u00a0Google\u00a0\u00bb), Gordon House, Barrow Street, Dublin 4, Irlande.<\/p>\n<p class=\"p7\">Nous utilisons YouTube en mode de protection \u00e9tendue des donn\u00e9es. Selon YouTube, ce mode a pour effet que YouTube ne stocke pas d&rsquo;informations sur les visiteurs de ce site avant qu&rsquo;ils ne regardent la vid\u00e9o. En revanche, le mode de protection des donn\u00e9es \u00e9tendu n&rsquo;exclut pas n\u00e9cessairement la transmission de donn\u00e9es aux partenaires de YouTube. YouTube se connecte au r\u00e9seau Google DoubleClick, que vous regardiez ou non une vid\u00e9o, de la mani\u00e8re suivante.<\/p>\n<p class=\"p7\">D\u00e8s que vous lancez une vid\u00e9o YouTube sur ce site, une connexion est \u00e9tablie avec les serveurs de YouTube.<\/p>\n<p class=\"p7\">YouTube est \u00e9tablie. Le serveur YouTube est alors inform\u00e9 des pages que vous avez visit\u00e9es. Si vous \u00eates connect\u00e9 \u00e0 votre compte YouTube, vous permettez \u00e0 YouTube d&rsquo;associer votre comportement de navigation directement \u00e0 votre profil personnel. ous pouvez emp\u00eacher cela en vous d\u00e9connectant de votre compte YouTube.<span class=\"Apple-converted-space\"> <\/span><\/p>\n<p class=\"p7\">En outre, apr\u00e8s le lancement d&rsquo;une vid\u00e9o, YouTube peut enregistrer diff\u00e9rents cookies sur votre terminal ou utiliser des technologies de reconnaissance comparables (par exemple, l&#8217;empreinte digitale de l&rsquo;appareil). De cette mani\u00e8re, YouTube peut obtenir des informations sur les visiteurs de ce site web. Ces informations sont utilis\u00e9es, entre autres, pour collecter des statistiques sur les vid\u00e9os, am\u00e9liorer la convivialit\u00e9 et pr\u00e9venir les tentatives de fraude.<\/p>\n<p class=\"p7\">e cas \u00e9ch\u00e9ant, d&rsquo;autres processus de traitement des donn\u00e9es peuvent \u00eatre d\u00e9clench\u00e9s apr\u00e8s le lancement d&rsquo;une vid\u00e9o YouTube, sur lesquels nous n&rsquo;avons aucune influence.<\/p>\n<p class=\"p7\">L&rsquo;utilisation de YouTube a lieu dans l&rsquo;int\u00e9r\u00eat d&rsquo;une pr\u00e9sentation attrayante de nos offres en ligne. Cela constitue un int\u00e9r\u00eat l\u00e9gitime au sens de l&rsquo;article 6, paragraphe 1, point f) du RGPD. Dans la mesure o\u00f9 un consentement correspondant a \u00e9t\u00e9 demand\u00e9, le traitement s&rsquo;effectue exclusivement sur la base de l&rsquo;article 6, paragraphe 1, point a) du RGPD et de l&rsquo;article 25, 1 du TTDSG, dans la mesure o\u00f9 le consentement inclut le stockage de cookies ou l&rsquo;acc\u00e8s \u00e0 des informations dans le terminal de l&rsquo;utilisateur (par ex. Device-Fingerprinting) au sens de la loi TTDSG. Ce consentement peut \u00eatre r\u00e9voqu\u00e9 \u00e0 tout moment.<\/p>\n<p class=\"p7\">Pour plus d&rsquo;informations sur la protection des donn\u00e9es par YouTube, veuillez consulter leur d\u00e9claration de confidentialit\u00e9 \u00e0 l&rsquo;adresse suivante:<\/p>\n<p class=\"p8\"><span class=\"s2\"><a href=\"https:\/\/policies.google.com\/privacy?hl=de\">https:\/\/policies.google.com\/privacy?hl=de<\/a><\/span><span class=\"s4\">.<\/span><\/p>\n<p class=\"p7\"><b>12. Goolge Maps<\/b><\/p>\n<p class=\"p7\">Ce site utilise le service de cartographie Google Maps. Le fournisseur est Google Ireland Limited (\u00ab\u00a0Google\u00a0\u00bb), Gordon House, Barrow Street, Dublin 4, Irlande.<\/p>\n<p class=\"p7\">Pour utiliser les fonctions de Google Maps, il est n\u00e9cessaire d&rsquo;enregistrer votre adresse IP. Cette information est g\u00e9n\u00e9ralement transmise \u00e0 un serveur de Google aux \u00c9tats-Unis et y est enregistr\u00e9e.<\/p>\n<p class=\"p7\">Le fournisseur de ce site n&rsquo;a aucune influence sur cette transmission de donn\u00e9es. Si Google Maps est activ\u00e9, Google peut utiliser des polices web Google Fonts afin d&rsquo;assurer une pr\u00e9sentation uniforme des polices. Lors de l&rsquo;appel de Google Maps, votre navigateur charge les polices web n\u00e9cessaires dans le cache de votre navigateur afin d&rsquo;afficher correctement les textes et les polices.<\/p>\n<p class=\"p7\">L&rsquo;utilisation de Google Maps a lieu dans l&rsquo;int\u00e9r\u00eat d&rsquo;une pr\u00e9sentation attrayante de nos offres en ligne et d&rsquo;une recherche facile des sites que nous avons mis en ligne les lieux indiqu\u00e9s. Cela constitue un int\u00e9r\u00eat l\u00e9gitime au sens de l&rsquo;article 6, paragraphe 1, point f) du RGPD. Dans la mesure o\u00f9 un consentement correspondant a \u00e9t\u00e9 demand\u00e9, le traitement s&rsquo;effectue exclusivement sur la base de l&rsquo;article 6, paragraphe 1, point a) du RGPD et de l&rsquo;article 25, 1 du TTDSG, dans la mesure o\u00f9 le consentement inclut le stockage de cookies ou l&rsquo;acc\u00e8s \u00e0 des informations dans le terminal de l&rsquo;utilisateur (par ex. Device-Fingerprinting) au sens de la loi TTDSG. Ce consentement peut \u00eatre r\u00e9voqu\u00e9 \u00e0 tout moment.<\/p>\n<p class=\"p7\">Le transfert de donn\u00e9es vers les \u00c9tats-Unis est bas\u00e9 sur les clauses contractuelles standard de la Commission europ\u00e9enne.<\/p>\n<p class=\"p7\">Vous trouverez des d\u00e9tails ici :<\/p>\n<p class=\"p7\"><a href=\"https:\/\/privacy.google.com\/businesses\/gdprcontrollerterms\/\">https:\/\/privacy.google.com\/businesses\/gdprcontrollerterms\/<span style=\"color: var( --e-global-color-text ); font-family: var( --e-global-typography-text-font-family ), Sans-serif; font-size: var( --e-global-typography-text-font-size ); font-weight: var( --e-global-typography-text-font-weight );\"> <\/span><\/a><span class=\"s4\" style=\"color: var( --e-global-color-text ); font-family: var( --e-global-typography-text-font-family ), Sans-serif; font-size: var( --e-global-typography-text-font-size ); font-weight: var( --e-global-typography-text-font-weight );\">et<\/span><\/p>\n<p class=\"p8\"><a href=\"https:\/\/privacy.google.com\/businesses\/gdprcontrollerterms\/sccs\/.\">https:\/\/privacy.google.com\/businesses\/gdprcontrollerterms\/sccs\/<\/a><span class=\"s4\">.<\/span><\/p>\n<p class=\"p1\">Vous trouverez plus d&rsquo;informations sur le traitement des donn\u00e9es des utilisateurs dans la d\u00e9claration de confidentialit\u00e9 de Google:<\/p>\n<p class=\"p11\"><a href=\"https:\/\/policies.google.com\/privacy?hl=de\">https:\/\/policies.google.com\/privacy?hl=de<\/a><span class=\"s4\">.<\/span><\/p>\n<p class=\"p1\"><b>13. Google Web Fonts<\/b><\/p>\n<p class=\"p7\">Ce site utilise des polices web fournies par Google pour l&rsquo;affichage uniforme des polices. Lorsque vous consultez une page, votre navigateur charge les polices web n\u00e9cessaires dans la m\u00e9moire cache de votre navigateur afin d&rsquo;afficher correctement les textes et les polices de caract\u00e8res.<\/p>\n<p class=\"p7\">\u00c0 cette fin, le navigateur que vous utilisez doit se connecter aux serveurs de Google. Google est ainsi inform\u00e9 que ce site web a \u00e9t\u00e9 consult\u00e9 via votre adresse IP. L&rsquo;utilisation de Google Web Fonts est bas\u00e9e sur l&rsquo;article 6, paragraphe 1, point f) du RGPD. L&rsquo;exploitant du site web a un int\u00e9r\u00eat l\u00e9gitime \u00e0 la repr\u00e9sentation uniforme de la police de caract\u00e8res sur son site web. Dans la mesure o\u00f9 un consentement correspondant a \u00e9t\u00e9 demand\u00e9, le traitement s&rsquo;effectue exclusivement sur la base de l&rsquo;article 6, paragraphe 1, point a) du RGPD et de l&rsquo;article 25, 1 du TTDSG, dans la mesure o\u00f9 le consentement inclut le stockage de cookies ou l&rsquo;acc\u00e8s \u00e0 des informations dans le terminal de l&rsquo;utilisateur (par ex. Device-Fingerprinting) au sens de la loi TTDSG. Ce consentement peut \u00eatre r\u00e9voqu\u00e9 \u00e0 tout moment.<\/p>\n<p class=\"p7\">Si votre navigateur ne prend pas en charge les polices web, une police par d\u00e9faut est utilis\u00e9e par votre ordinateur.<\/p>\n<p class=\"p7\">Pour plus d&rsquo;informations sur Google Web Fonts, voir<\/p>\n<p class=\"p1\"><a href=\"https:\/\/developers.google.com\/fonts\/faq\"><span class=\"s5\">https:\/\/developers.google.com\/fonts\/faq <\/span><\/a>et dans la d\u00e9claration de confidentialit\u00e9 de Google :<\/p>\n<p class=\"p11\"><span class=\"s2\"><a href=\"https:\/\/policies.google.com\/privacy?hl=de\">https:\/\/policies.google.com\/privacy?hl=de<\/a><\/span><span class=\"s4\">.<\/span><\/p>\n<strong>14. Google Ads<\/strong>\n<div>\n<div>L&rsquo;exploitant du site web utilise Google Ads. oogle Ads est un programme de publicit\u00e9 en ligne de Google Ireland Limited (\u00ab\u00a0Google\u00a0\u00bb), Gordon House, Barrow Street, Dublin 4, Irlande.<\/div>\n<div>Google Ads nous permet de diffuser des annonces publicitaires dans le moteur de recherche Google ou sur des sites web tiers lorsque l&rsquo;utilisateur saisit certains termes de recherche sur Google (ciblage par mots-cl\u00e9s). En outre, des annonces publicitaires cibl\u00e9es peuvent \u00eatre diffus\u00e9es \u00e0 l&rsquo;aide des donn\u00e9es utilisateur disponibles chez Google (par ex. donn\u00e9es de localisation et int\u00e9r\u00eats) (ciblage de groupes cibles). En tant qu&rsquo;exploitant du site, nous pouvons \u00e9valuer ces donn\u00e9es de mani\u00e8re quantitative, par exemple en analysant quels termes de recherche ont conduit \u00e0 la diffusion de nos annonces publicitaires et combien d&rsquo;annonces ont g\u00e9n\u00e9r\u00e9 des clics correspondants.<\/div>\n<div>\n<div>L&rsquo;utilisation de ce service est bas\u00e9e sur votre consentement conform\u00e9ment \u00e0 l&rsquo;article 6, paragraphe 1, point a) du RGPD et \u00e0 l&rsquo;article 25, paragraphe 1 de la loi TTDSG. Ce consentement peut \u00eatre r\u00e9voqu\u00e9 \u00e0 tout moment. Le transfert de donn\u00e9es vers les \u00c9tats-Unis est bas\u00e9 sur les clauses contractuelles standard de la Commission europ\u00e9enne.<\/div>\n<div>Vous trouverez des d\u00e9tails ici :<\/div>\n<div><a href=\"https:\/\/policies.google.com\/privacy\/frameworks\">https:\/\/policies.google.com\/privacy\/frameworks<\/a> et<\/div>\n<div>\n\n<a href=\"https:\/\/privacy.google.com\/businesses\/controllerterms\/mccs\/\">https:\/\/privacy.google.com\/businesses\/controllerterms\/mccs\/<\/a>\n\n<b>15. M\u00e9dias sociaux<\/b>\n\n<strong>\u00c9l\u00e9ments de m\u00e9dias sociaux avec Shariff<\/strong>\n<div>Des \u00e9l\u00e9ments de m\u00e9dias sociaux sont utilis\u00e9s sur ce site web. Vous pouvez g\u00e9n\u00e9ralement reconna\u00eetre les \u00e9l\u00e9ments de m\u00e9dias sociaux gr\u00e2ce aux logos de m\u00e9dias sociaux correspondants. Afin de garantir la protection des donn\u00e9es sur ce site web, nous utilisons ces \u00e9l\u00e9ments uniquement avec la solution dite \u00ab\u00a0Shariff\u00a0\u00bb. ette application emp\u00eache les \u00e9l\u00e9ments de m\u00e9dias sociaux int\u00e9gr\u00e9s sur ce site web de transmettre vos donn\u00e9es personnelles au fournisseur concern\u00e9 d\u00e8s la premi\u00e8re visite de la page.<\/div>\n<div>Ce n&rsquo;est que lorsque vous activez l&rsquo;\u00e9l\u00e9ment de m\u00e9dia social concern\u00e9 en cliquant sur le bouton correspondant qu&rsquo;une connexion directe au serveur du fournisseur est \u00e9tablie (consentement). D\u00e8s que vous activez l&rsquo;\u00e9l\u00e9ment de m\u00e9dia social, le fournisseur concern\u00e9 re\u00e7oit l&rsquo;information selon laquelle vous avez visit\u00e9 ce site web avec votre adresse IP. Si vous \u00eates simultan\u00e9ment connect\u00e9 \u00e0 votre compte de m\u00e9dias sociaux respectif (par ex. Facebook), le fournisseur respectif peut attribuer la visite de ce site web \u00e0 votre compte d&rsquo;utilisateur. L&rsquo;activation du plugin constitue un consentement au sens de l&rsquo;article 6, paragraphe 1, point a) du RGPD et de l&rsquo;article 25, paragraphe 1 du TTDSG. Vous pouvez r\u00e9voquer ce consentement \u00e0 tout moment avec effet pour l&rsquo;avenir.<\/div>\n<div><\/div>\n<div>L&rsquo;utilisation du service a lieu afin d&rsquo;obtenir les consentements prescrits par la loi pour l&rsquo;utilisation de certaines technologies. La base juridique est l&rsquo;article 6, paragraphe 1, point c) du RGPD.<\/div>\n<div><\/div>\n<strong>LinkedIn<\/strong>\n<div>Ce site web utilise des \u00e9l\u00e9ments du r\u00e9seau LinkedIn Le fournisseur est LinkedIn Ireland Unlimited Company, Wilton Plaza, Wilton Place, Dublin 2, Irlande.<\/div>\n<div>Chaque fois qu&rsquo;une page de ce site web contenant des \u00e9l\u00e9ments de LinkedIn est consult\u00e9e, une connexion est \u00e9tablie avec les serveurs de LinkedIn. LinkedIn est inform\u00e9 que vous avez visit\u00e9 ce site web avec votre adresse IP. Si vous cliquez sur le bouton \u00ab\u00a0Recommend\u00a0\u00bb de LinkedIn et que vous \u00eates connect\u00e9 \u00e0 votre compte LinkedIn, LinkedIn est en mesure d&rsquo;associer votre visite sur ce site \u00e0 vous et \u00e0 votre compte utilisateur. Nous attirons votre attention sur le fait qu&rsquo;en tant que fournisseur des pages, nous n&rsquo;avons pas connaissance du contenu des donn\u00e9es transmises ni de leur utilisation par LinkedIn.<\/div>\n<div><\/div>\n<div>Dans la mesure o\u00f9 un consentement a \u00e9t\u00e9 obtenu, l&rsquo;utilisation du service susmentionn\u00e9 se fait sur la base de l&rsquo;article 6, paragraphe 1, a) DSG-VO und \u00a7 25 TTDSG. Ce consentement peut \u00eatre r\u00e9voqu\u00e9 \u00e0 tout moment. Si aucun consentement n&rsquo;a \u00e9t\u00e9 obtenu, l&rsquo;utilisation du<\/div>\n<div>service se fait sur la base de notre int\u00e9r\u00eat l\u00e9gitime<\/div>\n<div>\u00e0 une visibilit\u00e9 aussi large que possible dans les m\u00e9dias sociaux.<\/div>\n<div><\/div>\n<div>Le transfert de donn\u00e9es vers les \u00c9tats-Unis est bas\u00e9 sur les clauses contractuelles standard de la Commission europ\u00e9enne.<\/div>\n<div>Vous trouverez des d\u00e9tails ici :<\/div>\n<div><a href=\"https:\/\/www.linkedin.com\/help\/linkedin\/answer\/62538\/datenubertragung-aus-der-eu-dem-ewr-und-derschweiz?lang=de\">https:\/\/www.linkedin.com\/help\/linkedin\/answer\/62538\/datenubertragung-aus-der-eu-dem-ewr-und-derschweiz?lang=de<\/a><\/div>\n<div>Pour plus d&rsquo;informations \u00e0 ce sujet, veuillez consulter la d\u00e9claration de confidentialit\u00e9 de LinkedIn \u00e0 l&rsquo;adresse suivante :<\/div>\n<div><a href=\"https:\/\/www.linkedin.com\/legal\/privacy-policy\">https:\/\/www.linkedin.com\/legal\/privacy-policy<\/a>.<\/div>\n<b>16. Liens externes<\/b>\n\n<\/div>\n<\/div>\n<\/div>\n<p class=\"p1\">Notre offre en ligne peut contenir des liens vers des sites Internet de tiers &#8211; des fournisseurs non li\u00e9s \u00e0 nous. Apr\u00e8s avoir cliqu\u00e9 sur le lien, nous n&rsquo;avons plus aucune influence sur la collecte, le traitement et l&rsquo;utilisation d&rsquo;\u00e9ventuelles donn\u00e9es personnelles transmises au tiers lors du clic sur le lien (comme par exemple l&rsquo;adresse IP ou l&rsquo;URL de la page sur laquelle se trouve le lien), car le comportement des tiers \u00e9chappe par nature \u00e0 notre contr\u00f4le. Nous n&rsquo;assumons aucune responsabilit\u00e9 pour le traitement de ces donn\u00e9es personnelles par des tiers.<\/p>\n<p class=\"p1\"><b>17. S\u00e9curit\u00e9<\/b><\/p>\n<p class=\"p1\">Nos collaborateurs et les entreprises de services que nous mandatons sont tenus au secret professionnel et au respect des dispositions des lois applicables en mati\u00e8re de protection des donn\u00e9es.<\/p>\n<p class=\"p1\">Nous prenons toutes les mesures techniques et organisationnelles n\u00e9cessaires pour garantir un niveau de protection ad\u00e9quat et prot\u00e9ger les donn\u00e9es que nous g\u00e9rons, notamment contre les risques de destruction accidentelle ou ill\u00e9gale, de manipulation, de perte, d&rsquo;alt\u00e9ration ou de divulgation ou d&rsquo;acc\u00e8s non autoris\u00e9s. Nos mesures de s\u00e9curit\u00e9 sont constamment am\u00e9lior\u00e9es en fonction de l&rsquo;\u00e9volution technologique. Pour des raisons de s\u00e9curit\u00e9 et afin de prot\u00e9ger la transmission de contenus confidentiels, comme par exemple les commandes ou les demandes que vous nous envoyez en tant qu&rsquo;exploitant du site,<\/p>\n<p class=\"p1\">ce site utilise un cryptage SSL ou TLS. Vous reconnaissez une connexion crypt\u00e9e au fait que la ligne d&rsquo;adresse du navigateur passe de \u00ab\u00a0http:\/\/\u00a0\u00bb \u00e0 \u00ab\u00a0https:\/\/\u00a0\u00bb et au symbole du cadenas dans la ligne de votre navigateur.<\/p>\n<p class=\"p1\">Wenn die SSL- bzw. TLS-Si le cryptage SSL ou TLS est activ\u00e9, les donn\u00e9es que vous nous transmettez ne peuvent pas \u00eatre lues par des tiers.<\/p>\n<strong>18. Vos droits en tant qu&rsquo;utilisateur<\/strong>\n<p class=\"p1\">Pour faire valoir vos droits, veuillez utiliser les informations figurant dans la section \u00ab\u00a0Responsable\u00a0\u00bb. Veuillez vous assurer que nous sommes en mesure de vous identifier clairement.<\/p>\n<p class=\"p1\">Vous avez le droit d&rsquo;obtenir de notre part des informations sur le traitement de vos donn\u00e9es. Pour ce faire, vous pouvez faire valoir un droit d&rsquo;acc\u00e8s aux informations personnelles que nous traitons \u00e0 votre sujet. En outre, vous pouvez nous demander de rectifier des donn\u00e9es erron\u00e9es et &#8211; dans la mesure o\u00f9 les conditions l\u00e9gales sont remplies &#8211; de compl\u00e9ter ou de supprimer vos donn\u00e9es. Cela ne s&rsquo;applique toutefois pas aux donn\u00e9es qui sont n\u00e9cessaires \u00e0 des fins de facturation et de comptabilit\u00e9 ou qui sont soumises \u00e0 l&rsquo;obligation l\u00e9gale de conservation. Dans la mesure o\u00f9 l&rsquo;acc\u00e8s \u00e0 de telles donn\u00e9es n&rsquo;est pas n\u00e9cessaire, leur traitement sera toutefois limit\u00e9. Vous pouvez \u00e9galement nous demander &#8211; dans la mesure o\u00f9 les conditions l\u00e9gales sont remplies &#8211; de limiter le traitement de vos donn\u00e9es.<\/p>\n<p class=\"p1\"><b>Opposition au traitement des donn\u00e9es :<\/b><\/p>\n<p class=\"p1\">Vous avez \u00e9galement le droit de vous opposer \u00e0 tout moment au traitement de vos donn\u00e9es par nos soins. Nous cesserons alors de traiter vos donn\u00e9es, \u00e0 moins que nous puissions prouver &#8211; conform\u00e9ment aux dispositions l\u00e9gales &#8211; qu&rsquo;il existe des raisons imp\u00e9rieuses et dignes de protection pour la poursuite du traitement qui pr\u00e9valent sur vos droits.<\/p>\n<p class=\"p1\"><b>Opposition au marketing direct :<\/b><\/p>\n<p class=\"p1\">En outre, vous avez le droit de vous opposer \u00e0 tout moment au traitement de vos donn\u00e9es par nos soins, dans la mesure o\u00f9 celui-ci repose sur la base juridique de l&rsquo;int\u00e9r\u00eat l\u00e9gitime. Nous cesserons alors de traiter vos donn\u00e9es, \u00e0 moins que nous ne puissions prouver &#8211; conform\u00e9ment aux dispositions l\u00e9gales &#8211; qu&rsquo;il existe des raisons imp\u00e9rieuses et dignes de protection pour la poursuite du traitement qui pr\u00e9valent sur vos droits.<\/p>\n<p class=\"p1\"><b>R\u00e9vocation du consentement :<\/b><\/p>\n<p class=\"p1\">Si vous nous avez donn\u00e9 votre consentement pour le traitement de vos donn\u00e9es, vous pouvez le r\u00e9voquer \u00e0 tout moment avec effet pour l&rsquo;avenir. La l\u00e9galit\u00e9 du traitement de vos donn\u00e9es jusqu&rsquo;\u00e0 la r\u00e9vocation n&rsquo;en est pas affect\u00e9e.<\/p>\n<p class=\"p1\"><b>R\u00e9vocation du consentement :<\/b><\/p>\n<p class=\"p1\">Si vous nous avez donn\u00e9 votre consentement pour le traitement de vos donn\u00e9es, vous pouvez le r\u00e9voquer \u00e0 tout moment avec effet pour l&rsquo;avenir. La l\u00e9galit\u00e9 du traitement de vos donn\u00e9es jusqu&rsquo;\u00e0 la r\u00e9vocation n&rsquo;en est pas affect\u00e9e.<\/p>\n<p class=\"p1\"><b>Portabilit\u00e9 des donn\u00e9es :<\/b><\/p>\n<p class=\"p1\">Vous avez \u00e9galement le droit de recevoir les donn\u00e9es que vous avez mises \u00e0 notre disposition dans un format structur\u00e9, couramment utilis\u00e9 et lisible par machine ou, si cela est techniquement possible, d&rsquo;exiger que les donn\u00e9es soient transmises \u00e0 un tiers.<\/p>\n<p class=\"p1\"><b>Droit de recours \u00e0 l&rsquo;autorit\u00e9 de surveillance :<\/b><\/p>\n<p class=\"p1\">Vous avez le droit de d\u00e9poser une plainte aupr\u00e8s d&rsquo;une autorit\u00e9 de protection des donn\u00e9es. Pour ce faire, vous pouvez vous adresser \u00e0 l&rsquo;autorit\u00e9 de protection des donn\u00e9es comp\u00e9tente pour votre lieu de r\u00e9sidence ou votre province ou \u00e0 l&rsquo;autorit\u00e9 de protection des donn\u00e9es comp\u00e9tente pour nous. Il s&rsquo;agit de:<\/p>\n<p class=\"p1\">Bayerisches Landesamt f\u00fcr Datenschutzaufsicht (BayLDA)<\/p>\n<p class=\"p1\">Promenade 27<\/p>\n<p class=\"p1\">91522 Ansbach<\/p>\n<p class=\"p1\">Telefon: +49 981 53 1300<\/p>\n<p class=\"p1\">Telefax: +49 981 53 98 1300<\/p>\n<p class=\"p11\"><span class=\"s4\">E-Mail: <a href=\"mailto:poststelle@lda.bayern.de\"><span class=\"s6\">poststelle@lda.bayern.de<\/span><\/a><\/span><\/p>\n<p class=\"p7\"><b>19. Opposition aux e-mails publicitaires<\/b><\/p>\n<p class=\"p7\">L&rsquo;utilisation des donn\u00e9es de contact publi\u00e9es dans le cadre des mentions l\u00e9gales obligatoires pour l&rsquo;envoi de publicit\u00e9 et de mat\u00e9riel d&rsquo;information non express\u00e9ment demand\u00e9s est interdite. Les exploitants des pages se r\u00e9servent express\u00e9ment le droit d&rsquo;engager des poursuites judiciaires en cas d&rsquo;envoi non sollicit\u00e9 d&rsquo;informations publicitaires, par exemple par le biais de spams.<\/p>\n<strong>20. Modification de la note d&rsquo;information sur la protection des donn\u00e9es<\/strong>\n<div>Nous nous r\u00e9servons le droit de modifier nos mesures de s\u00e9curit\u00e9 et de<\/div>\n<div>protection des donn\u00e9es dans la mesure o\u00f9 cela est n\u00e9cessaire en raison de l&rsquo;\u00e9volution technique. Dans ce cas,<\/div>\n<div>nous adapterons \u00e9galement nos informations sur la protection des donn\u00e9es en cons\u00e9quence. Veuillez donc<\/div>\n<div>consulter la version actuelle de nos informations sur la protection des donn\u00e9es.<\/div>\n<div><\/div>\n<p class=\"p1\"><i>Stand: 31.08.2022<\/i><\/p>\t\t\t\t\t\t<\/div>\n\t\t\t\t<\/div>\n\t\t\t\t\t<\/div>\n\t\t<\/div>\n\t\t\t\t\t<\/div>\n\t\t<\/section>\n\t\t\t\t<\/div>\n\t\t","protected":false},"excerpt":{"rendered":"<p>Protection des donn\u00e9es 1. Informations sur la protection des donn\u00e9es La soci\u00e9t\u00e9 Renner Etikettiertechnik GmbH (ci-apr\u00e8s \u00ab\u00a0Renner Etikettiertechnik\u00a0\u00bb ou \u00ab\u00a0Nous\u00a0\u00bb) se r\u00e9jouit de votre visite sur son site Internet et sur ses applications mobiles (ci-apr\u00e8s \u00ab\u00a0offre en ligne\u00a0\u00bb) et de l&rsquo;int\u00e9r\u00eat que vous portez \u00e0 son entreprise et \u00e0 ses produits. La protection de votre [&hellip;]<\/p>\n","protected":false},"author":1,"featured_media":0,"parent":0,"menu_order":0,"comment_status":"closed","ping_status":"closed","template":"","meta":{"_acf_changed":false,"footnotes":""},"class_list":["post-7543","page","type-page","status-publish","hentry"],"acf":[],"yoast_head":"<!-- This site is optimized with the Yoast SEO plugin v26.6 - https:\/\/yoast.com\/wordpress\/plugins\/seo\/ -->\n<title>Protection des donn\u00e9es - RENNER Etikettiertechnik<\/title>\n<meta name=\"description\" content=\"Protection des donn\u00e9es 1. Informations sur la protection des donn\u00e9es La soci\u00e9t\u00e9 Renner Etikettiertechnik GmbH (ci-apr\u00e8s &quot;Renner Etikettiertechnik&quot; ou\" \/>\n<meta name=\"robots\" content=\"index, follow, max-snippet:-1, max-image-preview:large, max-video-preview:-1\" \/>\n<link rel=\"canonical\" href=\"https:\/\/www.renner-label.de\/fr\/protection-des-donnees\/\" \/>\n<meta property=\"og:locale\" content=\"fr_FR\" \/>\n<meta property=\"og:type\" content=\"article\" \/>\n<meta property=\"og:title\" content=\"Protection des donn\u00e9es - RENNER Etikettiertechnik\" \/>\n<meta property=\"og:description\" content=\"Protection des donn\u00e9es 1. Informations sur la protection des donn\u00e9es La soci\u00e9t\u00e9 Renner Etikettiertechnik GmbH (ci-apr\u00e8s &quot;Renner Etikettiertechnik&quot; ou\" \/>\n<meta property=\"og:url\" content=\"https:\/\/www.renner-label.de\/fr\/protection-des-donnees\/\" \/>\n<meta property=\"og:site_name\" content=\"RENNER Etikettiertechnik\" \/>\n<meta property=\"article:modified_time\" content=\"2022-09-09T09:50:42+00:00\" \/>\n<meta property=\"og:image\" content=\"https:\/\/www.renner-label.de\/wp-content\/uploads\/2022\/01\/opengraph.jpg\" \/>\n\t<meta property=\"og:image:width\" content=\"1200\" \/>\n\t<meta property=\"og:image:height\" content=\"630\" \/>\n\t<meta property=\"og:image:type\" content=\"image\/jpeg\" \/>\n<meta name=\"twitter:card\" content=\"summary_large_image\" \/>\n<meta name=\"twitter:label1\" content=\"Dur\u00e9e de lecture estim\u00e9e\" \/>\n\t<meta name=\"twitter:data1\" content=\"28 minutes\" \/>\n<script type=\"application\/ld+json\" class=\"yoast-schema-graph\">{\"@context\":\"https:\/\/schema.org\",\"@graph\":[{\"@type\":\"WebPage\",\"@id\":\"https:\/\/www.renner-label.de\/fr\/protection-des-donnees\/\",\"url\":\"https:\/\/www.renner-label.de\/fr\/protection-des-donnees\/\",\"name\":\"Protection des donn\u00e9es - RENNER Etikettiertechnik\",\"isPartOf\":{\"@id\":\"https:\/\/www.renner-label.de\/#website\"},\"datePublished\":\"2021-11-02T11:31:15+00:00\",\"dateModified\":\"2022-09-09T09:50:42+00:00\",\"description\":\"Protection des donn\u00e9es 1. Informations sur la protection des donn\u00e9es La soci\u00e9t\u00e9 Renner Etikettiertechnik GmbH (ci-apr\u00e8s \\\"Renner Etikettiertechnik\\\" ou\",\"breadcrumb\":{\"@id\":\"https:\/\/www.renner-label.de\/fr\/protection-des-donnees\/#breadcrumb\"},\"inLanguage\":\"fr-FR\",\"potentialAction\":[{\"@type\":\"ReadAction\",\"target\":[\"https:\/\/www.renner-label.de\/fr\/protection-des-donnees\/\"]}]},{\"@type\":\"BreadcrumbList\",\"@id\":\"https:\/\/www.renner-label.de\/fr\/protection-des-donnees\/#breadcrumb\",\"itemListElement\":[{\"@type\":\"ListItem\",\"position\":1,\"name\":\"Startseite\",\"item\":\"https:\/\/www.renner-label.de\/fr\/renner-etikettiertechnik-professionelle-etikettier-loesungen-fuer-die-getraenke-und-nahrungsmittelindustrie\/\"},{\"@type\":\"ListItem\",\"position\":2,\"name\":\"Protection des donn\u00e9es\"}]},{\"@type\":\"WebSite\",\"@id\":\"https:\/\/www.renner-label.de\/#website\",\"url\":\"https:\/\/www.renner-label.de\/\",\"name\":\"RENNER Etikettiertechnik\",\"description\":\"Professionelle Etikettier-L\u00f6sungen f\u00fcr die Getr\u00e4nke- und Nahrungsmittelindustrie\",\"publisher\":{\"@id\":\"https:\/\/www.renner-label.de\/#organization\"},\"potentialAction\":[{\"@type\":\"SearchAction\",\"target\":{\"@type\":\"EntryPoint\",\"urlTemplate\":\"https:\/\/www.renner-label.de\/?s={search_term_string}\"},\"query-input\":{\"@type\":\"PropertyValueSpecification\",\"valueRequired\":true,\"valueName\":\"search_term_string\"}}],\"inLanguage\":\"fr-FR\"},{\"@type\":\"Organization\",\"@id\":\"https:\/\/www.renner-label.de\/#organization\",\"name\":\"RENNER Etikettiertechnik\",\"url\":\"https:\/\/www.renner-label.de\/\",\"logo\":{\"@type\":\"ImageObject\",\"inLanguage\":\"fr-FR\",\"@id\":\"https:\/\/www.renner-label.de\/#\/schema\/logo\/image\/\",\"url\":\"https:\/\/www.renner-label.de\/wp-content\/uploads\/2021\/11\/renner-labelling-machines-logo.svg\",\"contentUrl\":\"https:\/\/www.renner-label.de\/wp-content\/uploads\/2021\/11\/renner-labelling-machines-logo.svg\",\"width\":1735,\"height\":1227,\"caption\":\"RENNER Etikettiertechnik\"},\"image\":{\"@id\":\"https:\/\/www.renner-label.de\/#\/schema\/logo\/image\/\"},\"sameAs\":[\"https:\/\/de.linkedin.com\/company\/renner-etikettiertechnik\"]}]}<\/script>\n<!-- \/ Yoast SEO plugin. -->","yoast_head_json":{"title":"Protection des donn\u00e9es - RENNER Etikettiertechnik","description":"Protection des donn\u00e9es 1. Informations sur la protection des donn\u00e9es La soci\u00e9t\u00e9 Renner Etikettiertechnik GmbH (ci-apr\u00e8s \"Renner Etikettiertechnik\" ou","robots":{"index":"index","follow":"follow","max-snippet":"max-snippet:-1","max-image-preview":"max-image-preview:large","max-video-preview":"max-video-preview:-1"},"canonical":"https:\/\/www.renner-label.de\/fr\/protection-des-donnees\/","og_locale":"fr_FR","og_type":"article","og_title":"Protection des donn\u00e9es - RENNER Etikettiertechnik","og_description":"Protection des donn\u00e9es 1. Informations sur la protection des donn\u00e9es La soci\u00e9t\u00e9 Renner Etikettiertechnik GmbH (ci-apr\u00e8s \"Renner Etikettiertechnik\" ou","og_url":"https:\/\/www.renner-label.de\/fr\/protection-des-donnees\/","og_site_name":"RENNER Etikettiertechnik","article_modified_time":"2022-09-09T09:50:42+00:00","og_image":[{"width":1200,"height":630,"url":"https:\/\/www.renner-label.de\/wp-content\/uploads\/2022\/01\/opengraph.jpg","type":"image\/jpeg"}],"twitter_card":"summary_large_image","twitter_misc":{"Dur\u00e9e de lecture estim\u00e9e":"28 minutes"},"schema":{"@context":"https:\/\/schema.org","@graph":[{"@type":"WebPage","@id":"https:\/\/www.renner-label.de\/fr\/protection-des-donnees\/","url":"https:\/\/www.renner-label.de\/fr\/protection-des-donnees\/","name":"Protection des donn\u00e9es - RENNER Etikettiertechnik","isPartOf":{"@id":"https:\/\/www.renner-label.de\/#website"},"datePublished":"2021-11-02T11:31:15+00:00","dateModified":"2022-09-09T09:50:42+00:00","description":"Protection des donn\u00e9es 1. Informations sur la protection des donn\u00e9es La soci\u00e9t\u00e9 Renner Etikettiertechnik GmbH (ci-apr\u00e8s \"Renner Etikettiertechnik\" ou","breadcrumb":{"@id":"https:\/\/www.renner-label.de\/fr\/protection-des-donnees\/#breadcrumb"},"inLanguage":"fr-FR","potentialAction":[{"@type":"ReadAction","target":["https:\/\/www.renner-label.de\/fr\/protection-des-donnees\/"]}]},{"@type":"BreadcrumbList","@id":"https:\/\/www.renner-label.de\/fr\/protection-des-donnees\/#breadcrumb","itemListElement":[{"@type":"ListItem","position":1,"name":"Startseite","item":"https:\/\/www.renner-label.de\/fr\/renner-etikettiertechnik-professionelle-etikettier-loesungen-fuer-die-getraenke-und-nahrungsmittelindustrie\/"},{"@type":"ListItem","position":2,"name":"Protection des donn\u00e9es"}]},{"@type":"WebSite","@id":"https:\/\/www.renner-label.de\/#website","url":"https:\/\/www.renner-label.de\/","name":"RENNER Etikettiertechnik","description":"Professionelle Etikettier-L\u00f6sungen f\u00fcr die Getr\u00e4nke- und Nahrungsmittelindustrie","publisher":{"@id":"https:\/\/www.renner-label.de\/#organization"},"potentialAction":[{"@type":"SearchAction","target":{"@type":"EntryPoint","urlTemplate":"https:\/\/www.renner-label.de\/?s={search_term_string}"},"query-input":{"@type":"PropertyValueSpecification","valueRequired":true,"valueName":"search_term_string"}}],"inLanguage":"fr-FR"},{"@type":"Organization","@id":"https:\/\/www.renner-label.de\/#organization","name":"RENNER Etikettiertechnik","url":"https:\/\/www.renner-label.de\/","logo":{"@type":"ImageObject","inLanguage":"fr-FR","@id":"https:\/\/www.renner-label.de\/#\/schema\/logo\/image\/","url":"https:\/\/www.renner-label.de\/wp-content\/uploads\/2021\/11\/renner-labelling-machines-logo.svg","contentUrl":"https:\/\/www.renner-label.de\/wp-content\/uploads\/2021\/11\/renner-labelling-machines-logo.svg","width":1735,"height":1227,"caption":"RENNER Etikettiertechnik"},"image":{"@id":"https:\/\/www.renner-label.de\/#\/schema\/logo\/image\/"},"sameAs":["https:\/\/de.linkedin.com\/company\/renner-etikettiertechnik"]}]}},"_links":{"self":[{"href":"https:\/\/www.renner-label.de\/fr\/wp-json\/wp\/v2\/pages\/7543","targetHints":{"allow":["GET"]}}],"collection":[{"href":"https:\/\/www.renner-label.de\/fr\/wp-json\/wp\/v2\/pages"}],"about":[{"href":"https:\/\/www.renner-label.de\/fr\/wp-json\/wp\/v2\/types\/page"}],"author":[{"embeddable":true,"href":"https:\/\/www.renner-label.de\/fr\/wp-json\/wp\/v2\/users\/1"}],"replies":[{"embeddable":true,"href":"https:\/\/www.renner-label.de\/fr\/wp-json\/wp\/v2\/comments?post=7543"}],"version-history":[{"count":0,"href":"https:\/\/www.renner-label.de\/fr\/wp-json\/wp\/v2\/pages\/7543\/revisions"}],"wp:attachment":[{"href":"https:\/\/www.renner-label.de\/fr\/wp-json\/wp\/v2\/media?parent=7543"}],"curies":[{"name":"wp","href":"https:\/\/api.w.org\/{rel}","templated":true}]}}